{"version":"1.0","provider_name":"Anna in India","provider_url":"https:\/\/msvargainindia.cafeblog.hu","author_name":"varga Anna Krisztina","author_url":"https:\/\/msvargainindia.cafeblog.hu\/author\/varga_anna_krisztina\/","title":"P\u00e9ntek, reggeli \u00e9s gardr\u00f3b sale","html":"<p><span style=\"color: #222222;line-height: 115%;font-family: 'Open Sans';font-size: 10.5pt\">M\u00e1r az is szuper, hogy p\u00e9ntek van, de a mai nap igaz\u00e1n k\u00fcl\u00f6nleges! A munkahelyemen k\u00f6z\u00f6s reggelit tartott a csapat, mindenki hozott valami finomat. \u00c9n tegnap este 7-ig dolgoztam, ut\u00e1na m\u00e9g elment\u00fcnk bev\u00e1s\u00e1rolni \u00e9s f\u0151ztem vacsor\u00e1t. Ezek ut\u00e1n viszont sz\u00f3 szerint bele\u00e1jultam az \u00e1gyba! Szerencs\u00e9re a kedvesemre mindig lehet sz\u00e1m\u00edtani, k\u00e9sz\u00edtett finom paleocsint\u00e1t \u00e9s ketocsint\u00e1t a mai reggelire.<\/span><\/p>\r\n<p><a href=\"https:\/\/msvargainindia.cafeblog.hu\/files\/2014\/10\/10617355_10203934506897079_971610940_n.jpg\"><img class=\"size-medium wp-image-93 aligncenter\" src=\"https:\/\/msvargainindia.cafeblog.hu\/files\/2014\/10\/10617355_10203934506897079_971610940_n.jpg?w=300\" alt=\"10617355_10203934506897079_971610940_n\" width=\"300\" height=\"300\" \/><\/a><\/p>\r\n<p>A k\u00f6z\u00f6s reggeli szuper volt, f\u0151leg az\u00e9rt mert remek csapatba ker\u00fcltem, de az\u00e9rt is, mert fincsi volt! Reggel m\u00e9g k\u00e9sz\u00edtettem avok\u00e1d\u00f3-csokikr\u00e9met, \u00e9s \u00fagy teleettem magma, hogy eb\u00e9dre nem is voltam \u00e9hes.<\/p>\r\n<p><a href=\"https:\/\/msvargainindia.cafeblog.hu\/files\/2014\/10\/10723323_10203934509817152_1553445138_n.jpg\"><img class=\"size-medium wp-image-95 aligncenter\" src=\"https:\/\/msvargainindia.cafeblog.hu\/files\/2014\/10\/10723323_10203934509817152_1553445138_n.jpg?w=300\" alt=\"10723323_10203934509817152_1553445138_n\" width=\"300\" height=\"300\" \/><\/a><\/p>\r\n<p>Az ebed grillezett csirkehusi volt sal\u00e1t\u00e1val, de ink\u00e1bb d\u00e9lut\u00e1ninak nevezn\u00e9m, mivel 3 \u00f3r\u00e1kkor ettem meg v\u00e9g\u00fcl.<\/p>\r\n<p>A magammal hozott toj\u00e1s \u00e9s szalonna ism\u00e9t hazautazott velem, vacsi lesz bel\u0151le.<\/p>\r\n<p>Mivel a k\u00fcl\u00f6nleges napra val\u00f3 tekintettel hamarabb kezdt\u00fcnk \u00e9s hamarabb is v\u00e9gezt\u00fcnk, ma v\u00e9gre eljutok manik\u0171r\u00f6sh\u00f6z is! Eg\u00e9sz h\u00e9ten terveztem, de eddig mindig t\u00fal k\u00e9s\u0151n \u00e9rtem oda. Na de majd most!<\/p>\r\n<p><a href=\"https:\/\/msvargainindia.cafeblog.hu\/files\/2014\/10\/10721173_10203940948738121_866422251_n.jpg\"><img class=\"size-medium wp-image-101 aligncenter\" src=\"https:\/\/msvargainindia.cafeblog.hu\/files\/2014\/10\/10721173_10203940948738121_866422251_n.jpg?w=300\" alt=\"10721173_10203940948738121_866422251_n\" width=\"300\" height=\"300\" \/><\/a><\/p>\r\n<p>Holnap Gardr\u00f3b Sale! M\u00e1r alig v\u00e1rom! Itt olvashattok r\u00f3la r\u00e9szletesebben:<\/p>\r\n<p><a href=\"https:\/\/www.facebook.com\/#!\/events\/356989971074807\/?sid_reminder=2948141560010637312\">https:\/\/www.facebook.com\/#!\/events\/356989971074807\/?sid_reminder=2948141560010637312<\/a><\/p>\r\n<p>Gyertek el, ha belef\u00e9r az id\u0151t\u00f6kbe!<\/p>","type":"rich"}